
{"id":32,"date":"2017-02-21T12:20:17","date_gmt":"2017-02-21T15:20:17","guid":{"rendered":"http:\/\/localhost\/saap\/?page_id=32"},"modified":"2017-10-02T12:31:00","modified_gmt":"2017-10-02T15:31:00","slug":"perfil-dos-moradores","status":"publish","type":"page","link":"https:\/\/saapgestao.com.br\/saapold\/nosso-bairro\/perfil-dos-moradores\/","title":{"rendered":"Perfil dos moradores"},"content":{"rendered":"<p><img fetchpriority=\"high\" decoding=\"async\" class=\"img-responsive aligncenter wp-image-4585 size-full\" src=\"http:\/\/saapgestao.com.br\/saapold\/wp-content\/uploads\/2017\/02\/2_5perfil.png\" alt=\"\" width=\"208\" height=\"312\" srcset=\"https:\/\/saapgestao.com.br\/saapold\/wp-content\/uploads\/2017\/02\/2_5perfil.png 208w, https:\/\/saapgestao.com.br\/saapold\/wp-content\/uploads\/2017\/02\/2_5perfil-200x300.png 200w\" sizes=\"(max-width: 208px) 100vw, 208px\" \/><\/p>\n<p>A \u00e1rea inicialmente ocupada pelos jesu\u00edtas, transformada em conjunto de ch\u00e1caras e depois em loteamento modelo, cresceu muito ao longo do tempo, como ocorreu com a capital paulista \u2013 uma das metr\u00f3poles de urbaniza\u00e7\u00e3o mais acelerada do in\u00edcio do s\u00e9culo XX. Os \u00faltimos dados dispon\u00edveis (Censo IBGE de 2010) ajudam a compor um bom retrato de Alto dos Pinheiros.<\/p>\n<p>No entanto, \u00e9 preciso fazer uma observa\u00e7\u00e3o. Os bairros de S\u00e3o Paulo n\u00e3o t\u00eam divis\u00e3o oficial. N\u00e3o se pode dizer com exatid\u00e3o onde come\u00e7am e onde terminam. Os distritos, sim \u2013 embora seus limites nem sempre coincidam com os que geralmente se atribuem aos bairros: o distrito de Alto dos Pinheiros, por exemplo, exclui a pra\u00e7a do P\u00f4r do Sol (pra\u00e7a Coronel Cust\u00f3dio Fernandes Pinheiro) e inclui \u00e1reas acima da avenida das Corujas, quase sempre mencionada como Vila Madalena.<\/p>\n<p>Como a defini\u00e7\u00e3o do bairro \u00e9 imprecisa, o levantamento a seguir se basear\u00e1 em dois outros espa\u00e7os geogr\u00e1ficos, esses, sim, espec\u00edficos: o distrito de Alto dos Pinheiros e o territ\u00f3rio de atua\u00e7\u00e3o da SAAP.<\/p>\n<p>O primeiro abriga 43.117 pessoas, equivalente a 0,38% da popula\u00e7\u00e3o paulistana, aproximando-se do porte dos munic\u00edpios de Rio Grande da Serra e Vargem Grande Paulista, na Regi\u00e3o Metropolitana de S\u00e3o Paulo (RMSP). J\u00e1 o segundo tem 16.090 moradores, o equivalente a 0,14% da popula\u00e7\u00e3o paulistana, equiparando-se em termos de popula\u00e7\u00e3o aos munic\u00edpios de Pirapora do Bom Jesus e Sales\u00f3polis, tamb\u00e9m na RMSP.<\/p>\n<p>Se fossem munic\u00edpios \u00e0 parte, o distrito seria o 698\u00ba mais populoso do Brasil (num total de 5.565) e o territ\u00f3rio da SAAP, o 2.045\u00ba.<\/p>\n<p><em>Carta da Popula\u00e7\u00e3o residente, por setor censit\u00e1rio, para a Subprefeitura de Pinheiros<\/em><\/p>\n<p><strong><em>\u00a0<\/em><\/strong><\/p>\n<h2><strong>Densidade populacional<\/strong><\/h2>\n<p><img decoding=\"async\" class=\"img-responsive aligncenter wp-image-4586 size-full\" src=\"http:\/\/saapgestao.com.br\/saapold\/wp-content\/uploads\/2017\/02\/2_6perfil.png\" alt=\"\" width=\"694\" height=\"435\" srcset=\"https:\/\/saapgestao.com.br\/saapold\/wp-content\/uploads\/2017\/02\/2_6perfil.png 694w, https:\/\/saapgestao.com.br\/saapold\/wp-content\/uploads\/2017\/02\/2_6perfil-300x188.png 300w\" sizes=\"(max-width: 694px) 100vw, 694px\" \/><\/p>\n<p>Ainda que o crescimento tenha sido intenso, a \u00e1rea permanece menos povoada do que a m\u00e9dia da capital, devido \u00e0 baixa densidade construtiva e \u00e0 exist\u00eancia de amplos espa\u00e7os livres p\u00fablicos.<\/p>\n<p>Isso fica claro nos dados sobre densidade demogr\u00e1fica \u2013 rela\u00e7\u00e3o entre o total de habitantes e determinada \u00e1rea territorial, expressa pela medida de habitantes por hectare ou quil\u00f4metro quadrado, como podemos verificar na figura a seguir:<\/p>\n<p><img decoding=\"async\" class=\"img-responsive wp-image-4587 size-full aligncenter\" src=\"http:\/\/saapgestao.com.br\/saapold\/wp-content\/uploads\/2017\/02\/2_7perfil.png\" alt=\"\" width=\"367\" height=\"89\" srcset=\"https:\/\/saapgestao.com.br\/saapold\/wp-content\/uploads\/2017\/02\/2_7perfil.png 367w, https:\/\/saapgestao.com.br\/saapold\/wp-content\/uploads\/2017\/02\/2_7perfil-300x73.png 300w\" sizes=\"(max-width: 367px) 100vw, 367px\" \/><\/p>\n<p>Esse indicador \u00e9 \u00fatil para avalia\u00e7\u00e3o de profissionais como arquitetos, urbanistas, ge\u00f3grafos e economistas, podendo ter rela\u00e7\u00e3o com qualidade ambiental.<\/p>\n<p>Os n\u00fameros mostram que o territ\u00f3rio de atua\u00e7\u00e3o da SAAP \u00e9 uma \u00e1rea predominantemente de baixa densidade (m\u00e9dia de 45 hab\/ha) \u2013 dos 96 distritos de S\u00e3o Paulo, em apenas 25 o indicador \u00e9 menor que o de Alto dos Pinheiros. Mesmo nos trechos de maior concentra\u00e7\u00e3o (entre 64 hab\/ha e 251 hab\/ha), h\u00e1 menos eixos de com\u00e9rcios e servi\u00e7os, devido \u00e0 legisla\u00e7\u00e3o vigente at\u00e9 2014.<\/p>\n<table>\n<tbody>\n<tr>\n<td width=\"144\">Quadro Comparativo<a href=\"#_ftn1\" name=\"_ftnref1\">[1]<\/a><\/td>\n<td width=\"95\">Popula\u00e7\u00e3o em 2010<\/td>\n<td width=\"94\">\u00c1rea (ha)<\/td>\n<td width=\"95\">Densidade hab.\/ha<\/td>\n<\/tr>\n<tr>\n<td width=\"144\">SAAP<\/td>\n<td width=\"95\">16.090*<\/td>\n<td width=\"94\">354,41<\/td>\n<td width=\"95\">45,39<\/td>\n<\/tr>\n<tr>\n<td width=\"144\">Distrito Alto dos Pinheiros<\/td>\n<td width=\"95\">43.117**<\/td>\n<td width=\"94\">770,0<\/p>\n<p><span style=\"text-decoration: line-through;\">\u00a0<\/span><\/td>\n<td width=\"95\">56,00<\/p>\n<p><span style=\"text-decoration: line-through;\">\u00a0<\/span><\/td>\n<\/tr>\n<tr>\n<td width=\"144\">Distrito Pinheiros<\/td>\n<td width=\"95\">65.364**<\/td>\n<td width=\"94\">800,0<\/td>\n<td width=\"95\">81,71<\/td>\n<\/tr>\n<tr>\n<td width=\"144\">Distrito Jardim Paulista<\/td>\n<td width=\"95\">88.692**<\/td>\n<td width=\"94\">610,0<\/td>\n<td width=\"95\">145,40<\/td>\n<\/tr>\n<tr>\n<td width=\"144\">Distrito Itaim Bibi<\/td>\n<td width=\"95\">92.570**<\/td>\n<td width=\"94\">990,0<\/td>\n<td width=\"95\">93,51<\/td>\n<\/tr>\n<\/tbody>\n<\/table>\n<p>(*) Alguns setores censit\u00e1rios computados no Censo do IBGE 2010 ultrapassam o limite da SAAP, portanto a popula\u00e7\u00e3o residente na \u00e1rea \u00e9 menor do que o indicado. <strong>Fonte:<\/strong> Instituto Brasileiro de Geografia e Estat\u00edstica IBGE (http:\/\/www.ibge.gov.br). Acesso em 25 de outubro de 2014.<\/p>\n<p>(**) Fonte<strong>:<\/strong> Prefeitura de S\u00e3o Paulo (http:\/\/www.prefeitura.sp.gov.br). Acesso em 5 de novembro 2014<\/p>\n<p>&nbsp;<\/p>\n<h2><strong>Domic\u00edlios ocupados e n\u00e3o ocupados<\/strong><\/h2>\n<p>As \u00e1reas com menos domic\u00edlios ocupados ficam ao longo das avenidas Di\u00f3genes Ribeiro de Lima, S\u00e3o Gualter e Cerro Cor\u00e1. N\u00e3o por acaso: isso indica a mudan\u00e7a de uso residencial para atividades de com\u00e9rcio e servi\u00e7os nessas vias de grande fluxo de ve\u00edculos, inclusive de transporte p\u00fablico. Logo, s\u00e3o elas as mais afetadas por polui\u00e7\u00e3o e barulho. A transforma\u00e7\u00e3o dessas avenidas pode se dar de maneira positiva ou negativa, dependendo da qualidade da acessibilidade e da proposta de desenho da paisagem local nos futuros planos do bairro.<\/p>\n<p><strong><em>\u00a0<\/em><\/strong><\/p>\n<h2><strong>Faixa et\u00e1ria<\/strong><\/h2>\n<p>Para efeitos de an\u00e1lise, dividiu-se a popula\u00e7\u00e3o do distrito em cinco grupos et\u00e1rios: 0 a 5 anos, 6 a 15, 16 a 29, 30 a 59 e 60 anos ou mais. Outro conceito complementar utilizado \u00e9 a da <em>Popula\u00e7\u00e3o Economicamente Ativa (PEA),<\/em> que segundo o IBGE, encontra-se entre 15-64 anos. De modo geral, a pir\u00e2mide et\u00e1ria em Alto dos Pinheiros aponta uma predomin\u00e2ncia de mulheres caracterizadas como popula\u00e7\u00e3o economicamente ativa (15 a 64 anos).<\/p>\n<ul>\n<li>A <strong>faixa<\/strong> <strong>de 0 a 5 anos<\/strong> concentra-se em regi\u00f5es de conjuntos e edif\u00edcios habitacionais mais verticalizados, como tamb\u00e9m em trechos mais densos (norte, nordeste e sudeste).<\/li>\n<li>A <strong>faixa<\/strong> <strong>6 a 15 anos<\/strong> predomina igualmente nos edif\u00edcios, mas tamb\u00e9m em pontos ao longo da avenida Professor Fonseca Rodrigues.<\/li>\n<li>A popula\u00e7\u00e3o entre <strong>16 a 29 anos <\/strong>se localiza em setores centrais, ao norte, nordeste e sudeste.<\/li>\n<li>J\u00e1 as pessoas com <strong>30 a 59 anos <\/strong>encontram-se em conjuntos habitacionais, em setores entre as avenidas Prof. Fonseca Rodrigues e Di\u00f3genes Ribeiro de Lima e em setores ao norte, nordeste e sudeste.<\/li>\n<li>A <strong>faixa acima de 60 anos<\/strong> est\u00e1 mais concentrada na regi\u00e3o da rua Iquitos; entre as avenidas Professor Moniz e Prof. Frederico Herrmann J\u00fanior; e em por\u00e7\u00e3o significativa que envolve as avenidas Prof. Fonseca Rodrigues e S\u00e3o Gualter, a rua Dona Elisa de Moraes Mendes e a Arquiteto Jaime Fonseca Rodrigues.<\/li>\n<\/ul>\n<p>A maior parte dos habitantes do distrito tem entre 30 e 34 anos \u2013 no munic\u00edpio, a maior faixa \u00e9 a de 25 a 29 anos. Em ambos predomina a popula\u00e7\u00e3o caracterizada como economicamente ativa, mas a diferen\u00e7a entre os n\u00fameros provavelmente se explica pela maior escolaridade em Alto dos Pinheiros e consequente ingresso mais tardio no mercado.<\/p>\n<p><strong>Pir\u00e2mide et\u00e1ria em Alto dos Pinheiros e no munic\u00edpio de S\u00e3o Paulo<\/strong><\/p>\n<p><img loading=\"lazy\" decoding=\"async\" class=\"img-responsive aligncenter wp-image-4588 size-full\" src=\"http:\/\/saapgestao.com.br\/saapold\/wp-content\/uploads\/2017\/02\/2_8perfil.png\" alt=\"\" width=\"694\" height=\"492\" srcset=\"https:\/\/saapgestao.com.br\/saapold\/wp-content\/uploads\/2017\/02\/2_8perfil.png 694w, https:\/\/saapgestao.com.br\/saapold\/wp-content\/uploads\/2017\/02\/2_8perfil-300x213.png 300w\" sizes=\"(max-width: 694px) 100vw, 694px\" \/><\/p>\n<p>Fonte: http:\/\/www.censo2010.ibge.gov.br\/sinopseporsetores\/?nivel=st acesso em 24 07 2015<\/p>\n<p>A popula\u00e7\u00e3o feminina prevalece em todos os grupos et\u00e1rios de Alto dos Pinheiros \u2013 o que s\u00f3 ocorre na cidade como um todo ap\u00f3s os 20 anos. Em compara\u00e7\u00e3o ao munic\u00edpio, a propor\u00e7\u00e3o de mulheres \u00e9 maior na nossa regi\u00e3o a partir da faixa dos 40 anos e a de homens, a partir de 45.<\/p>\n<p>Isso significa que a expectativa de vida no distrito \u00e9 mais elevada \u2013 possivelmente em raz\u00e3o da renda, os anos de estudo e a qualidade de vida serem superiores.[2]<\/p>\n<p>[1] Segundo a Subprefeitura de Pinheiros, o bairro Alto dos Pinheiros possui aproximadamente 394 ha e o bairro City Boa\u00e7ava, aproximadamente 63 ha.<\/p>\n<p>[2] Outras informa\u00e7\u00f5es podem ser obtidas em <a href=\"http:\/\/atlasbrasil.org.br\/2013\/pt\/perfil_udh\/28361\">http:\/\/atlasbrasil.org.br\/2013\/pt\/perfil_udh\/28361<\/a><\/p>\n","protected":false},"excerpt":{"rendered":"<p>A \u00e1rea inicialmente ocupada pelos jesu\u00edtas, transformada em conjunto de ch\u00e1caras e depois em loteamento modelo, cresceu muito ao longo do tempo, como ocorreu com a capital paulista \u2013 uma das metr\u00f3poles de urbaniza\u00e7\u00e3o mais acelerada do in\u00edcio do s\u00e9culo XX. Os \u00faltimos dados dispon\u00edveis (Censo IBGE de 2010) ajudam a compor um bom retrato [&hellip;]<\/p>\n","protected":false},"author":1,"featured_media":0,"parent":27,"menu_order":0,"comment_status":"closed","ping_status":"closed","template":"","meta":{"footnotes":""},"class_list":["post-32","page","type-page","status-publish","hentry"],"_links":{"self":[{"href":"https:\/\/saapgestao.com.br\/saapold\/wp-json\/wp\/v2\/pages\/32"}],"collection":[{"href":"https:\/\/saapgestao.com.br\/saapold\/wp-json\/wp\/v2\/pages"}],"about":[{"href":"https:\/\/saapgestao.com.br\/saapold\/wp-json\/wp\/v2\/types\/page"}],"author":[{"embeddable":true,"href":"https:\/\/saapgestao.com.br\/saapold\/wp-json\/wp\/v2\/users\/1"}],"replies":[{"embeddable":true,"href":"https:\/\/saapgestao.com.br\/saapold\/wp-json\/wp\/v2\/comments?post=32"}],"version-history":[{"count":0,"href":"https:\/\/saapgestao.com.br\/saapold\/wp-json\/wp\/v2\/pages\/32\/revisions"}],"up":[{"embeddable":true,"href":"https:\/\/saapgestao.com.br\/saapold\/wp-json\/wp\/v2\/pages\/27"}],"wp:attachment":[{"href":"https:\/\/saapgestao.com.br\/saapold\/wp-json\/wp\/v2\/media?parent=32"}],"curies":[{"name":"wp","href":"https:\/\/api.w.org\/{rel}","templated":true}]}}