
{"id":6801,"date":"2022-05-10T13:49:09","date_gmt":"2022-05-10T16:49:09","guid":{"rendered":"https:\/\/saapgestao.com.br\/saapold\/?page_id=6801"},"modified":"2024-02-06T13:20:48","modified_gmt":"2024-02-06T15:20:48","slug":"empresa-amiga","status":"publish","type":"page","link":"https:\/\/saapgestao.com.br\/saapold\/empresa-amiga\/","title":{"rendered":"EMPRESAS AMIGAS"},"content":{"rendered":"\t\t<div data-elementor-type=\"wp-page\" data-elementor-id=\"6801\" class=\"elementor elementor-6801\">\n\t\t\t\t\t\t<section class=\"elementor-section elementor-top-section elementor-element elementor-element-48c4500 elementor-section-boxed elementor-section-height-default elementor-section-height-default\" data-id=\"48c4500\" data-element_type=\"section\">\n\t\t\t\t\t\t<div class=\"elementor-container elementor-column-gap-default\">\n\t\t\t\t\t<div class=\"elementor-column elementor-col-100 elementor-top-column elementor-element elementor-element-72f90b7\" data-id=\"72f90b7\" data-element_type=\"column\">\n\t\t\t<div class=\"elementor-widget-wrap elementor-element-populated\">\n\t\t\t\t\t\t<div class=\"elementor-element elementor-element-2e22bfe elementor-widget elementor-widget-heading\" data-id=\"2e22bfe\" data-element_type=\"widget\" data-widget_type=\"heading.default\">\n\t\t\t\t<div class=\"elementor-widget-container\">\n\t\t\t<style>\/*! elementor - v3.20.0 - 10-04-2024 *\/\n.elementor-heading-title{padding:0;margin:0;line-height:1}.elementor-widget-heading .elementor-heading-title[class*=elementor-size-]>a{color:inherit;font-size:inherit;line-height:inherit}.elementor-widget-heading .elementor-heading-title.elementor-size-small{font-size:15px}.elementor-widget-heading .elementor-heading-title.elementor-size-medium{font-size:19px}.elementor-widget-heading .elementor-heading-title.elementor-size-large{font-size:29px}.elementor-widget-heading .elementor-heading-title.elementor-size-xl{font-size:39px}.elementor-widget-heading .elementor-heading-title.elementor-size-xxl{font-size:59px}<\/style><h4 class=\"elementor-heading-title elementor-size-default\">As empresas \"Amigas do Bairro\" contribuem com a SAAP para que possamos realizar nossas atividades e projetos para zelar pelo Alto de Pinheiros e pela qualidade de vida das pessoas que moram e frequentam o bairro.\n\nS\u00e3o estabelecimentos comerciais e de servi\u00e7os com uma consci\u00eancia cidad\u00e3 sobre seu papel na comunidade em que est\u00e1 inserida.\n\nConfira a lista abaixo e convidamos a prestigi\u00e1-los!<\/h4>\t\t<\/div>\n\t\t\t\t<\/div>\n\t\t\t\t\t<\/div>\n\t\t<\/div>\n\t\t\t\t\t<\/div>\n\t\t<\/section>\n\t\t\t\t<section class=\"elementor-section elementor-top-section elementor-element elementor-element-a2811bd elementor-section-boxed elementor-section-height-default elementor-section-height-default\" data-id=\"a2811bd\" data-element_type=\"section\">\n\t\t\t\t\t\t<div class=\"elementor-container elementor-column-gap-default\">\n\t\t\t\t\t<div class=\"elementor-column elementor-col-100 elementor-top-column elementor-element elementor-element-ad4ada2\" data-id=\"ad4ada2\" data-element_type=\"column\">\n\t\t\t<div class=\"elementor-widget-wrap elementor-element-populated\">\n\t\t\t\t\t\t<div class=\"elementor-element elementor-element-b81e996 elementor-widget elementor-widget-spacer\" data-id=\"b81e996\" data-element_type=\"widget\" data-widget_type=\"spacer.default\">\n\t\t\t\t<div class=\"elementor-widget-container\">\n\t\t\t<style>\/*! elementor - v3.20.0 - 10-04-2024 *\/\n.elementor-column .elementor-spacer-inner{height:var(--spacer-size)}.e-con{--container-widget-width:100%}.e-con-inner>.elementor-widget-spacer,.e-con>.elementor-widget-spacer{width:var(--container-widget-width,var(--spacer-size));--align-self:var(--container-widget-align-self,initial);--flex-shrink:0}.e-con-inner>.elementor-widget-spacer>.elementor-widget-container,.e-con>.elementor-widget-spacer>.elementor-widget-container{height:100%;width:100%}.e-con-inner>.elementor-widget-spacer>.elementor-widget-container>.elementor-spacer,.e-con>.elementor-widget-spacer>.elementor-widget-container>.elementor-spacer{height:100%}.e-con-inner>.elementor-widget-spacer>.elementor-widget-container>.elementor-spacer>.elementor-spacer-inner,.e-con>.elementor-widget-spacer>.elementor-widget-container>.elementor-spacer>.elementor-spacer-inner{height:var(--container-widget-height,var(--spacer-size))}.e-con-inner>.elementor-widget-spacer.elementor-widget-empty,.e-con>.elementor-widget-spacer.elementor-widget-empty{position:relative;min-height:22px;min-width:22px}.e-con-inner>.elementor-widget-spacer.elementor-widget-empty .elementor-widget-empty-icon,.e-con>.elementor-widget-spacer.elementor-widget-empty .elementor-widget-empty-icon{position:absolute;top:0;bottom:0;left:0;right:0;margin:auto;padding:0;width:22px;height:22px}<\/style>\t\t<div class=\"elementor-spacer\">\n\t\t\t<div class=\"elementor-spacer-inner\"><\/div>\n\t\t<\/div>\n\t\t\t\t<\/div>\n\t\t\t\t<\/div>\n\t\t\t\t\t<\/div>\n\t\t<\/div>\n\t\t\t\t\t<\/div>\n\t\t<\/section>\n\t\t\t\t<section class=\"elementor-section elementor-top-section elementor-element elementor-element-0eaed80 elementor-section-boxed elementor-section-height-default elementor-section-height-default\" data-id=\"0eaed80\" data-element_type=\"section\">\n\t\t\t\t\t\t<div class=\"elementor-container elementor-column-gap-default\">\n\t\t\t\t\t<div class=\"elementor-column elementor-col-100 elementor-top-column elementor-element elementor-element-6f82b16\" data-id=\"6f82b16\" data-element_type=\"column\">\n\t\t\t<div class=\"elementor-widget-wrap elementor-element-populated\">\n\t\t\t\t\t\t<div class=\"elementor-element elementor-element-c7f90d7 elementor-widget elementor-widget-text-editor\" data-id=\"c7f90d7\" data-element_type=\"widget\" data-widget_type=\"text-editor.default\">\n\t\t\t\t<div class=\"elementor-widget-container\">\n\t\t\t<style>\/*! elementor - v3.20.0 - 10-04-2024 *\/\n.elementor-widget-text-editor.elementor-drop-cap-view-stacked .elementor-drop-cap{background-color:#69727d;color:#fff}.elementor-widget-text-editor.elementor-drop-cap-view-framed .elementor-drop-cap{color:#69727d;border:3px solid;background-color:transparent}.elementor-widget-text-editor:not(.elementor-drop-cap-view-default) .elementor-drop-cap{margin-top:8px}.elementor-widget-text-editor:not(.elementor-drop-cap-view-default) .elementor-drop-cap-letter{width:1em;height:1em}.elementor-widget-text-editor .elementor-drop-cap{float:left;text-align:center;line-height:1;font-size:50px}.elementor-widget-text-editor .elementor-drop-cap-letter{display:inline-block}<\/style>\t\t\t\t<p><img decoding=\"async\" class=\"size-medium wp-image-7893 alignleft\" src=\"http:\/\/saapgestao.com.br\/saapold\/wp-content\/uploads\/2023\/09\/Coelho-da-fonseca-Logo-300x106.jpeg\" alt=\"\" width=\"300\" height=\"106\" srcset=\"https:\/\/saapgestao.com.br\/saapold\/wp-content\/uploads\/2023\/09\/Coelho-da-fonseca-Logo-300x106.jpeg 300w, https:\/\/saapgestao.com.br\/saapold\/wp-content\/uploads\/2023\/09\/Coelho-da-fonseca-Logo-768x271.jpeg 768w, https:\/\/saapgestao.com.br\/saapold\/wp-content\/uploads\/2023\/09\/Coelho-da-fonseca-Logo.jpeg 1024w\" sizes=\"(max-width: 300px) 100vw, 300px\" \/><a href=\"https:\/\/www.coelhodafonseca.com.br\/\">Coelho da Fonseca\u00a0<\/a><\/p><p>A Coelho da Fonseca \u00e9 reconhecida como uma das mais admiradas imobili\u00e1rias full service do Brasil, com forte atua\u00e7\u00e3o no segmento de alto luxo atrav\u00e9s dos seus corretores associados especialistas. Atua no mercado prim\u00e1rio com im\u00f3veis em lan\u00e7amentos e em constru\u00e7\u00e3o; no mercado secund\u00e1rio com im\u00f3veis prontos, novos e usados, loca\u00e7\u00e3o, administra\u00e7\u00e3o de patrim\u00f4nios, planejamento e marketing de empreendimentos imobili\u00e1rios.<\/p><p>Sua trajet\u00f3ria ao longo de seus 45 anos \u00e9 marcada pela inova\u00e7\u00e3o e a criatividade, antecipando e construindo novas tend\u00eancias no mercado. Possui uma capacidade de interpreta\u00e7\u00e3o dos desejos e das conquistas de seus clientes que, atrav\u00e9s do Private Brokers\u00ae\ufe0f, uma reconhecida assessoria focada em produtos e clientes upper class\u00ae\ufe0f, seus profissionais conhecem profundamente os c\u00f3digos desses consumidores t\u00e3o especiais. A Coelho da Fonseca optou por ter sedes e times de especialistas nas principais regi\u00f5es de S\u00e3o Paulo, com o objetivo de aprofundar o entendimento da vida e dos diferencias de cada parte vital da cidade.<\/p>\t\t\t\t\t\t<\/div>\n\t\t\t\t<\/div>\n\t\t\t\t\t<\/div>\n\t\t<\/div>\n\t\t\t\t\t<\/div>\n\t\t<\/section>\n\t\t\t\t<section class=\"elementor-section elementor-top-section elementor-element elementor-element-a71caca elementor-section-boxed elementor-section-height-default elementor-section-height-default\" data-id=\"a71caca\" data-element_type=\"section\">\n\t\t\t\t\t\t<div class=\"elementor-container elementor-column-gap-default\">\n\t\t\t\t\t<div class=\"elementor-column elementor-col-100 elementor-top-column elementor-element elementor-element-4e9292b\" data-id=\"4e9292b\" data-element_type=\"column\">\n\t\t\t<div class=\"elementor-widget-wrap elementor-element-populated\">\n\t\t\t\t\t\t<div class=\"elementor-element elementor-element-d269427 elementor-widget elementor-widget-spacer\" data-id=\"d269427\" data-element_type=\"widget\" data-widget_type=\"spacer.default\">\n\t\t\t\t<div class=\"elementor-widget-container\">\n\t\t\t\t\t<div class=\"elementor-spacer\">\n\t\t\t<div class=\"elementor-spacer-inner\"><\/div>\n\t\t<\/div>\n\t\t\t\t<\/div>\n\t\t\t\t<\/div>\n\t\t\t\t\t<\/div>\n\t\t<\/div>\n\t\t\t\t\t<\/div>\n\t\t<\/section>\n\t\t\t\t<section class=\"elementor-section elementor-top-section elementor-element elementor-element-70a43b1 elementor-section-boxed elementor-section-height-default elementor-section-height-default\" data-id=\"70a43b1\" data-element_type=\"section\">\n\t\t\t\t\t\t<div class=\"elementor-container elementor-column-gap-default\">\n\t\t\t\t\t<div class=\"elementor-column elementor-col-100 elementor-top-column elementor-element elementor-element-7fd839c\" data-id=\"7fd839c\" data-element_type=\"column\">\n\t\t\t<div class=\"elementor-widget-wrap elementor-element-populated\">\n\t\t\t\t\t\t<div class=\"elementor-element elementor-element-972a15f elementor-widget elementor-widget-text-editor\" data-id=\"972a15f\" data-element_type=\"widget\" data-widget_type=\"text-editor.default\">\n\t\t\t\t<div class=\"elementor-widget-container\">\n\t\t\t\t\t\t\t<p><img fetchpriority=\"high\" decoding=\"async\" class=\"wp-image-7647 alignleft\" title=\"VillaLobos\" src=\"http:\/\/saapgestao.com.br\/saapold\/wp-content\/uploads\/2023\/05\/villalobos2-300x300.jpg\" alt=\"\" width=\"258\" height=\"258\" srcset=\"https:\/\/saapgestao.com.br\/saapold\/wp-content\/uploads\/2023\/05\/villalobos2-300x300.jpg 300w, https:\/\/saapgestao.com.br\/saapold\/wp-content\/uploads\/2023\/05\/villalobos2-150x150.jpg 150w, https:\/\/saapgestao.com.br\/saapold\/wp-content\/uploads\/2023\/05\/villalobos2-250x250.jpg 250w, https:\/\/saapgestao.com.br\/saapold\/wp-content\/uploads\/2023\/05\/villalobos2.jpg 350w\" sizes=\"(max-width: 258px) 100vw, 258px\" \/><\/p><p><strong><a href=\"https:\/\/www.shoppingvillalobos.com.br\/\">Shopping VillaLobos\u00a0\u00a0\u00a0<\/a><\/strong><b><\/b><\/p><p>Inaugurado h\u00e1 vinte e tr\u00eas anos, o Shopping VillaLobos est\u00e1 localizado em um dos principais bairros de S\u00e3o Paulo, trazendo a combina\u00e7\u00e3o de servi\u00e7os personalizados a conte\u00fado de curadoria exclusiva, al\u00e9m de um ambiente agrad\u00e1vel e com a presen\u00e7a de ilumina\u00e7\u00e3o natural. Com seu Teatro VillaLobos de mais de 700 lugares, uma opera\u00e7\u00e3o do Cinemark\u00a0Movie\u00a0Bistr\u00f4 com sete salas e uma unidade exclusiva do espa\u00e7o recreativo StartArte, o empreendimento garante lazer e entretenimento para toda a fam\u00edlia. O Shopping tamb\u00e9m oferece op\u00e7\u00f5es de compras e experi\u00eancias diferenciadas com comodidade e praticidade. Suas mais de 200 lojas incluem uma unidade exclusiva do Laces &amp;\u00a0Hair e a \u00fanica unidade da Renner Guide Shop de S\u00e3o Paulo. Um mix completo de marcas como Zara com uma unidade de mais de 2.100 m\u00b2, e op\u00e7\u00f5es diversificadas de restaurantes como\u00a0R\u00e1scal,\u00a0ICI\u00a0Brasserie, Cort\u00e9s, Cabana Burger e J1 Sakamoto. O Shopping tamb\u00e9m possui uma loja-conceito exclusiva do Supermercado St. Marche.<\/p>\t\t\t\t\t\t<\/div>\n\t\t\t\t<\/div>\n\t\t\t\t\t<\/div>\n\t\t<\/div>\n\t\t\t\t\t<\/div>\n\t\t<\/section>\n\t\t\t\t<section class=\"elementor-section elementor-top-section elementor-element elementor-element-3bf6330 elementor-section-boxed elementor-section-height-default elementor-section-height-default\" data-id=\"3bf6330\" data-element_type=\"section\">\n\t\t\t\t\t\t<div class=\"elementor-container elementor-column-gap-default\">\n\t\t\t\t\t<div class=\"elementor-column elementor-col-100 elementor-top-column elementor-element elementor-element-d4344b7\" data-id=\"d4344b7\" data-element_type=\"column\">\n\t\t\t<div class=\"elementor-widget-wrap elementor-element-populated\">\n\t\t\t\t\t\t<div class=\"elementor-element elementor-element-14f8c5f elementor-widget elementor-widget-spacer\" data-id=\"14f8c5f\" data-element_type=\"widget\" data-widget_type=\"spacer.default\">\n\t\t\t\t<div class=\"elementor-widget-container\">\n\t\t\t\t\t<div class=\"elementor-spacer\">\n\t\t\t<div class=\"elementor-spacer-inner\"><\/div>\n\t\t<\/div>\n\t\t\t\t<\/div>\n\t\t\t\t<\/div>\n\t\t\t\t\t<\/div>\n\t\t<\/div>\n\t\t\t\t\t<\/div>\n\t\t<\/section>\n\t\t\t\t<section class=\"elementor-section elementor-top-section elementor-element elementor-element-69fc243 elementor-section-boxed elementor-section-height-default elementor-section-height-default\" data-id=\"69fc243\" data-element_type=\"section\">\n\t\t\t\t\t\t<div class=\"elementor-container elementor-column-gap-default\">\n\t\t\t\t\t<div class=\"elementor-column elementor-col-100 elementor-top-column elementor-element elementor-element-c199f15\" data-id=\"c199f15\" data-element_type=\"column\">\n\t\t\t<div class=\"elementor-widget-wrap elementor-element-populated\">\n\t\t\t\t\t\t<div class=\"elementor-element elementor-element-7965a5a elementor-widget elementor-widget-spacer\" data-id=\"7965a5a\" data-element_type=\"widget\" data-widget_type=\"spacer.default\">\n\t\t\t\t<div class=\"elementor-widget-container\">\n\t\t\t\t\t<div class=\"elementor-spacer\">\n\t\t\t<div class=\"elementor-spacer-inner\"><\/div>\n\t\t<\/div>\n\t\t\t\t<\/div>\n\t\t\t\t<\/div>\n\t\t\t\t\t<\/div>\n\t\t<\/div>\n\t\t\t\t\t<\/div>\n\t\t<\/section>\n\t\t\t\t<section class=\"elementor-section elementor-top-section elementor-element elementor-element-127bf1b elementor-section-boxed elementor-section-height-default elementor-section-height-default\" data-id=\"127bf1b\" data-element_type=\"section\">\n\t\t\t\t\t\t<div class=\"elementor-container elementor-column-gap-default\">\n\t\t\t\t\t<div class=\"elementor-column elementor-col-100 elementor-top-column elementor-element elementor-element-5273dc2\" data-id=\"5273dc2\" data-element_type=\"column\">\n\t\t\t<div class=\"elementor-widget-wrap elementor-element-populated\">\n\t\t\t\t\t\t<div class=\"elementor-element elementor-element-0c71149 elementor-widget elementor-widget-text-editor\" data-id=\"0c71149\" data-element_type=\"widget\" data-widget_type=\"text-editor.default\">\n\t\t\t\t<div class=\"elementor-widget-container\">\n\t\t\t\t\t\t\t<p><a href=\"https:\/\/careclub.com.br\/\"><img decoding=\"async\" class=\"alignleft wp-image-7379\" src=\"http:\/\/saapgestao.com.br\/saapold\/wp-content\/uploads\/2023\/02\/CareClub_SemAssinatura-300x89.png\" alt=\"\" width=\"301\" height=\"89\" srcset=\"https:\/\/saapgestao.com.br\/saapold\/wp-content\/uploads\/2023\/02\/CareClub_SemAssinatura-300x89.png 300w, https:\/\/saapgestao.com.br\/saapold\/wp-content\/uploads\/2023\/02\/CareClub_SemAssinatura-768x227.png 768w, https:\/\/saapgestao.com.br\/saapold\/wp-content\/uploads\/2023\/02\/CareClub_SemAssinatura.png 896w\" sizes=\"(max-width: 301px) 100vw, 301px\" \/><\/a><\/p><p><strong><a href=\"https:\/\/careclub.com.br\/\">Care club<\/a><\/strong><b><\/b><\/p><p><strong>NOSSA MISS\u00c3O \u00c9 PROMOVER A SA\u00daDE E CUIDAR DAS PESSOAS.<\/strong><\/p><p>Fundada em 2010 pelo m\u00e9dico do Esporte Gustavo Magliocca e os fisioterapeutas Renan Malvestio e C\u00e1ssio Siqueira, a Care Club oferece servi\u00e7os inovadores para a manuten\u00e7\u00e3o da sa\u00fade por meio de planejamento individualizado.<br \/><strong>NAS UNIDADES CARE CLUB VOC\u00ca VAI ENCONTRAR:<\/strong> M\u00e9dicos, nutricionistas, fisioterapeutas, treinadores e outros profissionais altamente qualificados atuando juntos para cuidar de voc\u00ea em sua jornada de sa\u00fade e qualidade de vida.<br \/>S\u00e3o 11 unidades (nove em S\u00e3o Paulo, uma em Piracicaba e uma em Porto Alegre) e mais de 280 especialistas na sa\u00fade do exerc\u00edcio e do esporte. A Care Club j\u00e1 atendeu mais de 40 mil clientes pelo Pa\u00eds, entre atletas amadores, profissionais e praticantes de atividade f\u00edsica de todos os n\u00edveis.<\/p><p>Site: <a href=\"https:\/\/careclub.com.br\/\">https:\/\/careclub.com.br\/<\/a><\/p>\t\t\t\t\t\t<\/div>\n\t\t\t\t<\/div>\n\t\t\t\t\t<\/div>\n\t\t<\/div>\n\t\t\t\t\t<\/div>\n\t\t<\/section>\n\t\t\t\t<section class=\"elementor-section elementor-top-section elementor-element elementor-element-f438069 elementor-section-boxed elementor-section-height-default elementor-section-height-default\" data-id=\"f438069\" data-element_type=\"section\">\n\t\t\t\t\t\t<div class=\"elementor-container elementor-column-gap-default\">\n\t\t\t\t\t<div class=\"elementor-column elementor-col-100 elementor-top-column elementor-element elementor-element-5955be3\" data-id=\"5955be3\" data-element_type=\"column\">\n\t\t\t<div class=\"elementor-widget-wrap elementor-element-populated\">\n\t\t\t\t\t\t<div class=\"elementor-element elementor-element-583f4de elementor-widget elementor-widget-spacer\" data-id=\"583f4de\" data-element_type=\"widget\" data-widget_type=\"spacer.default\">\n\t\t\t\t<div class=\"elementor-widget-container\">\n\t\t\t\t\t<div class=\"elementor-spacer\">\n\t\t\t<div class=\"elementor-spacer-inner\"><\/div>\n\t\t<\/div>\n\t\t\t\t<\/div>\n\t\t\t\t<\/div>\n\t\t\t\t\t<\/div>\n\t\t<\/div>\n\t\t\t\t\t<\/div>\n\t\t<\/section>\n\t\t\t\t<section class=\"elementor-section elementor-top-section elementor-element elementor-element-1a87a0e elementor-section-boxed elementor-section-height-default elementor-section-height-default\" data-id=\"1a87a0e\" data-element_type=\"section\">\n\t\t\t\t\t\t<div class=\"elementor-container elementor-column-gap-default\">\n\t\t\t\t\t<div class=\"elementor-column elementor-col-100 elementor-top-column elementor-element elementor-element-84c623d\" data-id=\"84c623d\" data-element_type=\"column\">\n\t\t\t<div class=\"elementor-widget-wrap elementor-element-populated\">\n\t\t\t\t\t\t<div class=\"elementor-element elementor-element-43b789b elementor-widget elementor-widget-text-editor\" data-id=\"43b789b\" data-element_type=\"widget\" data-widget_type=\"text-editor.default\">\n\t\t\t\t<div class=\"elementor-widget-container\">\n\t\t\t\t\t\t\t<p><img loading=\"lazy\" decoding=\"async\" class=\"wp-image-7317 alignleft\" src=\"http:\/\/saapgestao.com.br\/saapold\/wp-content\/uploads\/2023\/01\/elo-300x107.png\" alt=\"\" width=\"189\" height=\"67\" srcset=\"https:\/\/saapgestao.com.br\/saapold\/wp-content\/uploads\/2023\/01\/elo-300x107.png 300w, https:\/\/saapgestao.com.br\/saapold\/wp-content\/uploads\/2023\/01\/elo.png 345w\" sizes=\"(max-width: 189px) 100vw, 189px\" \/><strong><a href=\"https:\/\/elomobiliarios.com.br\/\">ELO &#8211; mobili\u00e1rios\u00a0<\/a><\/strong><b><\/b><\/p><p><strong>TRADI\u00c7\u00c3O, QUALIDADE, PONTUALIDADE E RESPEITO COM VOC\u00ca.<\/strong><br \/>A\u00a0<b>ELO MOBILI\u00c1RIOS<\/b>\u00a0surgiu com o intuito de inovar no mercado mobili\u00e1rio com materiais de alto padr\u00e3o e atendimento personalizado para cada cliente.<br \/>O nome surgiu atrav\u00e9s de um projeto desenvolvido pela\u00a0<b>ELO<\/b>\u00a0junto com f\u00e1brica para que tiv\u00e9ssemos acesso direto com o cliente, formando um\u00a0<b>ELO<\/b>\u00a0entre a f\u00e1brica, loja e cliente final.<\/p>\t\t\t\t\t\t<\/div>\n\t\t\t\t<\/div>\n\t\t\t\t\t<\/div>\n\t\t<\/div>\n\t\t\t\t\t<\/div>\n\t\t<\/section>\n\t\t\t\t<section class=\"elementor-section elementor-top-section elementor-element elementor-element-0679950 elementor-section-boxed elementor-section-height-default elementor-section-height-default\" data-id=\"0679950\" data-element_type=\"section\">\n\t\t\t\t\t\t<div class=\"elementor-container elementor-column-gap-default\">\n\t\t\t\t\t<div class=\"elementor-column elementor-col-100 elementor-top-column elementor-element elementor-element-7064b2a\" data-id=\"7064b2a\" data-element_type=\"column\">\n\t\t\t<div class=\"elementor-widget-wrap elementor-element-populated\">\n\t\t\t\t\t\t<div class=\"elementor-element elementor-element-facddd1 elementor-widget elementor-widget-spacer\" data-id=\"facddd1\" data-element_type=\"widget\" data-widget_type=\"spacer.default\">\n\t\t\t\t<div class=\"elementor-widget-container\">\n\t\t\t\t\t<div class=\"elementor-spacer\">\n\t\t\t<div class=\"elementor-spacer-inner\"><\/div>\n\t\t<\/div>\n\t\t\t\t<\/div>\n\t\t\t\t<\/div>\n\t\t\t\t\t<\/div>\n\t\t<\/div>\n\t\t\t\t\t<\/div>\n\t\t<\/section>\n\t\t\t\t<section class=\"elementor-section elementor-top-section elementor-element elementor-element-7054edd elementor-section-boxed elementor-section-height-default elementor-section-height-default\" data-id=\"7054edd\" data-element_type=\"section\">\n\t\t\t\t\t\t<div class=\"elementor-container elementor-column-gap-default\">\n\t\t\t\t\t<div class=\"elementor-column elementor-col-100 elementor-top-column elementor-element elementor-element-c05995a\" data-id=\"c05995a\" data-element_type=\"column\">\n\t\t\t<div class=\"elementor-widget-wrap elementor-element-populated\">\n\t\t\t\t\t\t<div class=\"elementor-element elementor-element-450c4fe elementor-widget elementor-widget-text-editor\" data-id=\"450c4fe\" data-element_type=\"widget\" data-widget_type=\"text-editor.default\">\n\t\t\t\t<div class=\"elementor-widget-container\">\n\t\t\t\t\t\t\t<p><a href=\"http:\/\/www.emive.com.br\"><img loading=\"lazy\" decoding=\"async\" class=\"alignleft wp-image-7267\" src=\"http:\/\/saapgestao.com.br\/saapold\/wp-content\/uploads\/2022\/12\/sinco.png\" alt=\"\" width=\"189\" height=\"69\" \/><\/a><\/p><p><strong><a href=\"http:\/\/www.emive.com.br\">SINCO &#8211; Engenharia\u00a0<\/a><\/strong><\/p><p>H\u00e1 mais de 35 anos, a SINCO trabalha para construir o novo: im\u00f3veis, lares, hist\u00f3rias. \u00c9 isso que nos move diariamente. sempre atentos \u00e0s tend\u00eancias de mercado para ir al\u00e9m, nos reinventamos todos os dias. A inova\u00e7\u00e3o se torna relevante para concretizar projetos [de vida] de pessoas e cidades. n\u00e3o \u00e9 apenas sobre n\u00f3s, \u00e9 sobre todos. Acreditamos na evolu\u00e7\u00e3o conjunta, constante, que nunca para. lado a lado com nossos colaboradores, parceiros e clientes, buscamos rela\u00e7\u00f5es sustent\u00e1veis sempre.<\/p>\t\t\t\t\t\t<\/div>\n\t\t\t\t<\/div>\n\t\t\t\t<div class=\"elementor-element elementor-element-2e0c775 elementor-widget elementor-widget-spacer\" data-id=\"2e0c775\" data-element_type=\"widget\" data-widget_type=\"spacer.default\">\n\t\t\t\t<div class=\"elementor-widget-container\">\n\t\t\t\t\t<div class=\"elementor-spacer\">\n\t\t\t<div class=\"elementor-spacer-inner\"><\/div>\n\t\t<\/div>\n\t\t\t\t<\/div>\n\t\t\t\t<\/div>\n\t\t\t\t\t<\/div>\n\t\t<\/div>\n\t\t\t\t\t<\/div>\n\t\t<\/section>\n\t\t\t\t<section class=\"elementor-section elementor-top-section elementor-element elementor-element-64b79cd elementor-section-boxed elementor-section-height-default elementor-section-height-default\" data-id=\"64b79cd\" data-element_type=\"section\">\n\t\t\t\t\t\t<div class=\"elementor-container elementor-column-gap-default\">\n\t\t\t\t\t<div class=\"elementor-column elementor-col-100 elementor-top-column elementor-element elementor-element-5dd7240\" data-id=\"5dd7240\" data-element_type=\"column\">\n\t\t\t<div class=\"elementor-widget-wrap elementor-element-populated\">\n\t\t\t\t\t\t<div class=\"elementor-element elementor-element-4f6da83 elementor-widget elementor-widget-spacer\" data-id=\"4f6da83\" data-element_type=\"widget\" data-widget_type=\"spacer.default\">\n\t\t\t\t<div class=\"elementor-widget-container\">\n\t\t\t\t\t<div class=\"elementor-spacer\">\n\t\t\t<div class=\"elementor-spacer-inner\"><\/div>\n\t\t<\/div>\n\t\t\t\t<\/div>\n\t\t\t\t<\/div>\n\t\t\t\t\t<\/div>\n\t\t<\/div>\n\t\t\t\t\t<\/div>\n\t\t<\/section>\n\t\t\t\t<section class=\"elementor-section elementor-top-section elementor-element elementor-element-518d87a elementor-section-boxed elementor-section-height-default elementor-section-height-default\" data-id=\"518d87a\" data-element_type=\"section\">\n\t\t\t\t\t\t<div class=\"elementor-container elementor-column-gap-default\">\n\t\t\t\t\t<div class=\"elementor-column elementor-col-100 elementor-top-column elementor-element elementor-element-bd68cc2\" data-id=\"bd68cc2\" data-element_type=\"column\">\n\t\t\t<div class=\"elementor-widget-wrap elementor-element-populated\">\n\t\t\t\t\t\t<div class=\"elementor-element elementor-element-41b9102 elementor-widget elementor-widget-text-editor\" data-id=\"41b9102\" data-element_type=\"widget\" data-widget_type=\"text-editor.default\">\n\t\t\t\t<div class=\"elementor-widget-container\">\n\t\t\t\t\t\t\t<p><strong><img loading=\"lazy\" decoding=\"async\" class=\"alignleft wp-image-6950\" src=\"http:\/\/saapgestao.com.br\/saapold\/wp-content\/uploads\/2022\/07\/construtora2-300x137.jpg\" alt=\"\" width=\"189\" height=\"86\" srcset=\"https:\/\/saapgestao.com.br\/saapold\/wp-content\/uploads\/2022\/07\/construtora2-300x137.jpg 300w, https:\/\/saapgestao.com.br\/saapold\/wp-content\/uploads\/2022\/07\/construtora2-1024x466.jpg 1024w, https:\/\/saapgestao.com.br\/saapold\/wp-content\/uploads\/2022\/07\/construtora2-768x350.jpg 768w, https:\/\/saapgestao.com.br\/saapold\/wp-content\/uploads\/2022\/07\/construtora2.jpg 1081w\" sizes=\"(max-width: 189px) 100vw, 189px\" \/><a href=\"https:\/\/lindenberg.com.br\/\">Adolpho Lindemberg<\/a><\/strong><\/p><p>Com status de verdadeira \u201cgrife\u201d no mercado imobili\u00e1rio, a Construtora Adolpho Lindenberg combina apuro est\u00e9tico, boas solu\u00e7\u00f5es arquitet\u00f4nicas, excel\u00eancia no processo construtivo,inova\u00e7\u00e3o e um relacionamento pr\u00f3ximo e duradouro com seus clientes.<br \/>Com mais de 60 anos de atua\u00e7\u00e3o, j\u00e1 entregou cerca de 700 empreendimentos a mais de 8 mil clientes em todo o Brasil, sobretudo nos melhores bairros da cidade de S\u00e3o Paulo.<br \/>Sin\u00f4nimo de investimento, em fun\u00e7\u00e3o da sua qualidade, durabilidade e reputa\u00e7\u00e3o da marca, os empreendimentos com a marca Adolpho Lindenberg tomam a frente do mercado imobili\u00e1rio nacional, com um reconhecido padr\u00e3o de excel\u00eancia.<\/p>\t\t\t\t\t\t<\/div>\n\t\t\t\t<\/div>\n\t\t\t\t\t<\/div>\n\t\t<\/div>\n\t\t\t\t\t<\/div>\n\t\t<\/section>\n\t\t\t\t<section class=\"elementor-section elementor-top-section elementor-element elementor-element-b2bc0b7 elementor-section-boxed elementor-section-height-default elementor-section-height-default\" data-id=\"b2bc0b7\" data-element_type=\"section\">\n\t\t\t\t\t\t<div class=\"elementor-container elementor-column-gap-default\">\n\t\t\t\t\t<div class=\"elementor-column elementor-col-100 elementor-top-column elementor-element elementor-element-fe1830a\" data-id=\"fe1830a\" data-element_type=\"column\">\n\t\t\t<div class=\"elementor-widget-wrap elementor-element-populated\">\n\t\t\t\t\t\t<div class=\"elementor-element elementor-element-845702c elementor-widget elementor-widget-spacer\" data-id=\"845702c\" data-element_type=\"widget\" data-widget_type=\"spacer.default\">\n\t\t\t\t<div class=\"elementor-widget-container\">\n\t\t\t\t\t<div class=\"elementor-spacer\">\n\t\t\t<div class=\"elementor-spacer-inner\"><\/div>\n\t\t<\/div>\n\t\t\t\t<\/div>\n\t\t\t\t<\/div>\n\t\t\t\t\t<\/div>\n\t\t<\/div>\n\t\t\t\t\t<\/div>\n\t\t<\/section>\n\t\t\t\t<section class=\"elementor-section elementor-top-section elementor-element elementor-element-3d9a299 elementor-section-boxed elementor-section-height-default elementor-section-height-default\" data-id=\"3d9a299\" data-element_type=\"section\">\n\t\t\t\t\t\t<div class=\"elementor-container elementor-column-gap-default\">\n\t\t\t\t\t<div class=\"elementor-column elementor-col-100 elementor-top-column elementor-element elementor-element-2fdc91c\" data-id=\"2fdc91c\" data-element_type=\"column\">\n\t\t\t<div class=\"elementor-widget-wrap elementor-element-populated\">\n\t\t\t\t\t\t<div class=\"elementor-element elementor-element-c60931b elementor-widget elementor-widget-text-editor\" data-id=\"c60931b\" data-element_type=\"widget\" data-widget_type=\"text-editor.default\">\n\t\t\t\t<div class=\"elementor-widget-container\">\n\t\t\t\t\t\t\t<p><img loading=\"lazy\" decoding=\"async\" class=\"alignleft wp-image-5977\" src=\"http:\/\/saapgestao.com.br\/saapold\/wp-content\/uploads\/2020\/11\/EWZ-CAPITAL-FUNDO-ESCURO@4x-300x55.jpg\" alt=\"\" width=\"189\" height=\"35\" srcset=\"https:\/\/saapgestao.com.br\/saapold\/wp-content\/uploads\/2020\/11\/EWZ-CAPITAL-FUNDO-ESCURO@4x-300x55.jpg 300w, https:\/\/saapgestao.com.br\/saapold\/wp-content\/uploads\/2020\/11\/EWZ-CAPITAL-FUNDO-ESCURO@4x-768x141.jpg 768w, https:\/\/saapgestao.com.br\/saapold\/wp-content\/uploads\/2020\/11\/EWZ-CAPITAL-FUNDO-ESCURO@4x-1024x189.jpg 1024w\" sizes=\"(max-width: 189px) 100vw, 189px\" \/><\/p><p><a href=\"https:\/\/www.ewzcapital.com.br\/\">EWZ Capital<\/a><\/p><p>A <strong>EWZ Capital<\/strong> foi criada com o objetivo de ajudar as pessoas a diversificarem seus investimentos e, ao mesmo tempo, oferecer educa\u00e7\u00e3o financeira num momento de entrada recorde de CPFs na Bolsa de Valores. Para mostrar o que tem de diferente em rela\u00e7\u00e3o a outras corretoras, a empresa escolheu uma ampla casa em Alto dos Pinheiros para instalar sua equipe, receber seus clientes e oferecer seus cursos.<\/p><p>\u201cCriamos uma estrutura para unificar todas as frentes de investimentos. Acreditamos em uma integra\u00e7\u00e3o de profissionais para o melhor resultado. Normalmente h\u00e1 uma cultura no mercado financeiro que cada um trabalha por si, n\u00f3s acreditamos em um trabalho ombro a ombro\u201d, diz Henrique Castiglione, head comercial da EWZ.<\/p><p>A corretora, que faz parte do grupo de agentes aut\u00f4nomos da XP Investimentos, tamb\u00e9m tem escrit\u00f3rios em Teres\u00f3polis, na regi\u00e3o serrana do Rio de Janeiro, e tamb\u00e9m na capital carioca. O grupo j\u00e1 tem sob sua administra\u00e7\u00e3o cerca de R$ 500 milh\u00f5es.<\/p><p>\u201cN\u00e3o olhamos apenas para os grandes investidores. Eles t\u00eam nossa aten\u00e7\u00e3o, assim como quem est\u00e1 chegando agora. Fazemos um trabalho que vai desde ensinar a poupar at\u00e9 identificar as melhores oportunidades em diferentes classes de ativos\u201d, ressalta Castiglione.<\/p>\t\t\t\t\t\t<\/div>\n\t\t\t\t<\/div>\n\t\t\t\t\t<\/div>\n\t\t<\/div>\n\t\t\t\t\t<\/div>\n\t\t<\/section>\n\t\t\t\t<section class=\"elementor-section elementor-top-section elementor-element elementor-element-b126cb1 elementor-section-boxed elementor-section-height-default elementor-section-height-default\" data-id=\"b126cb1\" data-element_type=\"section\">\n\t\t\t\t\t\t<div class=\"elementor-container elementor-column-gap-default\">\n\t\t\t\t\t<div class=\"elementor-column elementor-col-100 elementor-top-column elementor-element elementor-element-9e93b6d\" data-id=\"9e93b6d\" data-element_type=\"column\">\n\t\t\t<div class=\"elementor-widget-wrap elementor-element-populated\">\n\t\t\t\t\t\t<div class=\"elementor-element elementor-element-64c6c30 elementor-widget elementor-widget-spacer\" data-id=\"64c6c30\" data-element_type=\"widget\" data-widget_type=\"spacer.default\">\n\t\t\t\t<div class=\"elementor-widget-container\">\n\t\t\t\t\t<div class=\"elementor-spacer\">\n\t\t\t<div class=\"elementor-spacer-inner\"><\/div>\n\t\t<\/div>\n\t\t\t\t<\/div>\n\t\t\t\t<\/div>\n\t\t\t\t\t<\/div>\n\t\t<\/div>\n\t\t\t\t\t<\/div>\n\t\t<\/section>\n\t\t\t\t<section class=\"elementor-section elementor-top-section elementor-element elementor-element-9b182a6 elementor-section-boxed elementor-section-height-default elementor-section-height-default\" data-id=\"9b182a6\" data-element_type=\"section\">\n\t\t\t\t\t\t<div class=\"elementor-container elementor-column-gap-default\">\n\t\t\t\t\t<div class=\"elementor-column elementor-col-100 elementor-top-column elementor-element elementor-element-5a9e6bd\" data-id=\"5a9e6bd\" data-element_type=\"column\">\n\t\t\t<div class=\"elementor-widget-wrap elementor-element-populated\">\n\t\t\t\t\t\t<div class=\"elementor-element elementor-element-519f7be elementor-widget elementor-widget-text-editor\" data-id=\"519f7be\" data-element_type=\"widget\" data-widget_type=\"text-editor.default\">\n\t\t\t\t<div class=\"elementor-widget-container\">\n\t\t\t\t\t\t\t<p><a href=\"http:\/\/www.aster.com.br\">Aster\u00a0 &#8211; Seguran\u00e7a, Facilities e Automa\u00e7\u00e3o<\/a><a href=\"http:\/\/www.aster.com.br\"><img loading=\"lazy\" decoding=\"async\" class=\"alignleft wp-image-5930\" src=\"http:\/\/saapgestao.com.br\/saapold\/wp-content\/uploads\/2019\/04\/logo_ASTER-300x121.png\" alt=\"\" width=\"189\" height=\"76\" srcset=\"https:\/\/saapgestao.com.br\/saapold\/wp-content\/uploads\/2019\/04\/logo_ASTER-300x121.png 300w, https:\/\/saapgestao.com.br\/saapold\/wp-content\/uploads\/2019\/04\/logo_ASTER-768x309.png 768w, https:\/\/saapgestao.com.br\/saapold\/wp-content\/uploads\/2019\/04\/logo_ASTER-1024x412.png 1024w, https:\/\/saapgestao.com.br\/saapold\/wp-content\/uploads\/2019\/04\/logo_ASTER.png 1378w\" sizes=\"(max-width: 189px) 100vw, 189px\" \/><\/a><\/p><p>A <strong>ASTER<\/strong> \u00e9 uma empresa regulamentada junto ao Minist\u00e9rio da Justi\u00e7a e a Pol\u00edcia Federal, que desde 2004 presta servi\u00e7os de seguran\u00e7a pessoal nas resid\u00eancias do Alto de Pinheiros.<\/p><p>Nas rotinas de vigil\u00e2ncia, a <strong>ASTER<\/strong> verifica anormalidades, tais como carros e pessoas em atitudes suspeitas, c\u00e2meras fora de posi\u00e7\u00e3o, marcas nos muros, port\u00f5es avariados ou abertos, entre outras coisas, sempre acionando o poder p\u00fablico quando necess\u00e1rio.<\/p><p>Nas entradas e sa\u00eddas assistidas, o vigilante ASTER vai at\u00e9 a resid\u00eancia e acompanha a entrada ou sa\u00edda do morador a uma dist\u00e2ncia segura, sempre de forma vis\u00edvel. O atendimento s\u00f3 termina ap\u00f3s o fechamento do port\u00e3o.<\/p><p>A ASTER tamb\u00e9m oferece portaria remota, terceiriza\u00e7\u00e3o de m\u00e3o de obra e implanta\u00e7\u00e3o de projetos de seguran\u00e7a eletr\u00f4nica e controle de acesso para condom\u00ednios e empresas.<\/p><p>ASTER, fazendo por voc\u00ea, zelando pelo coletivo.<\/p><p>Tel. 3871-9129.<\/p>\t\t\t\t\t\t<\/div>\n\t\t\t\t<\/div>\n\t\t\t\t\t<\/div>\n\t\t<\/div>\n\t\t\t\t\t<\/div>\n\t\t<\/section>\n\t\t\t\t<section class=\"elementor-section elementor-top-section elementor-element elementor-element-2096d54 elementor-section-boxed elementor-section-height-default elementor-section-height-default\" data-id=\"2096d54\" data-element_type=\"section\">\n\t\t\t\t\t\t<div class=\"elementor-container elementor-column-gap-default\">\n\t\t\t\t\t<div class=\"elementor-column elementor-col-100 elementor-top-column elementor-element elementor-element-f27ee52\" data-id=\"f27ee52\" data-element_type=\"column\">\n\t\t\t<div class=\"elementor-widget-wrap elementor-element-populated\">\n\t\t\t\t\t\t<div class=\"elementor-element elementor-element-362f22f elementor-widget elementor-widget-spacer\" data-id=\"362f22f\" data-element_type=\"widget\" data-widget_type=\"spacer.default\">\n\t\t\t\t<div class=\"elementor-widget-container\">\n\t\t\t\t\t<div class=\"elementor-spacer\">\n\t\t\t<div class=\"elementor-spacer-inner\"><\/div>\n\t\t<\/div>\n\t\t\t\t<\/div>\n\t\t\t\t<\/div>\n\t\t\t\t\t<\/div>\n\t\t<\/div>\n\t\t\t\t\t<\/div>\n\t\t<\/section>\n\t\t\t\t<section class=\"elementor-section elementor-top-section elementor-element elementor-element-b2db205 elementor-section-boxed elementor-section-height-default elementor-section-height-default\" data-id=\"b2db205\" data-element_type=\"section\">\n\t\t\t\t\t\t<div class=\"elementor-container elementor-column-gap-default\">\n\t\t\t\t\t<div class=\"elementor-column elementor-col-100 elementor-top-column elementor-element elementor-element-9679748\" data-id=\"9679748\" data-element_type=\"column\">\n\t\t\t<div class=\"elementor-widget-wrap elementor-element-populated\">\n\t\t\t\t\t\t<div class=\"elementor-element elementor-element-15c9214 elementor-widget elementor-widget-text-editor\" data-id=\"15c9214\" data-element_type=\"widget\" data-widget_type=\"text-editor.default\">\n\t\t\t\t<div class=\"elementor-widget-container\">\n\t\t\t\t\t\t\t<p><img loading=\"lazy\" decoding=\"async\" class=\"alignleft wp-image-5790\" src=\"http:\/\/saapgestao.com.br\/saapold\/wp-content\/uploads\/2019\/04\/G.D8_Assinaturas_03-300x169.jpg\" alt=\"\" width=\"189\" height=\"107\" srcset=\"https:\/\/saapgestao.com.br\/saapold\/wp-content\/uploads\/2019\/04\/G.D8_Assinaturas_03-300x169.jpg 300w, https:\/\/saapgestao.com.br\/saapold\/wp-content\/uploads\/2019\/04\/G.D8_Assinaturas_03-768x433.jpg 768w, https:\/\/saapgestao.com.br\/saapold\/wp-content\/uploads\/2019\/04\/G.D8_Assinaturas_03-1024x578.jpg 1024w, https:\/\/saapgestao.com.br\/saapold\/wp-content\/uploads\/2019\/04\/G.D8_Assinaturas_03-250x140.jpg 250w\" sizes=\"(max-width: 189px) 100vw, 189px\" \/><\/p><p><a href=\"http:\/\/www.gd8.com.br\">G.D8 Incorporadora<\/a><\/p><p><strong>G.D8 Incorporadora<\/strong> nasceu em 1.988 em S\u00e3o Paulo, hoje localizado na Avenida Pedroso de Morais em Pinheiros, desde seu nascimento construiu casas, edif\u00edcios, laborat\u00f3rios, postos e foi se especializando em focar na alta qualidade, no padr\u00e3o sofisticado de luxo e atua diretamente com alto padr\u00e3o. Seus residenciais s\u00e3o conhecidos mundialmente e premia\u00e7\u00f5es no ramo. Al\u00e9m de construir casas, ela constr\u00f3i sonhos.<br \/>West Whales, condom\u00ednio na Praia da Baleia \u2013 Litoral Norte foi premiado em 2011 no Pr\u00eamio M\u00e1ster do Secovi pelo melhor VGV em casa Veraneio, em seguida com o mesmo projeto em 2013 ganhou em 2\u00aa lugar no mundo, com a melhor casa na praia pelo Fiabci Brasil.<br \/>Somos parceiros da Saap que pensa sempre em manter e construir um melhor bairro e parcerias, e n\u00f3s fazemos parte desta Associa\u00e7\u00e3o que s\u00f3 tem contribu\u00eddo para todos n\u00f3s.<\/p>\t\t\t\t\t\t<\/div>\n\t\t\t\t<\/div>\n\t\t\t\t\t<\/div>\n\t\t<\/div>\n\t\t\t\t\t<\/div>\n\t\t<\/section>\n\t\t\t\t<section class=\"elementor-section elementor-top-section elementor-element elementor-element-0a98db8 elementor-section-boxed elementor-section-height-default elementor-section-height-default\" data-id=\"0a98db8\" data-element_type=\"section\">\n\t\t\t\t\t\t<div class=\"elementor-container elementor-column-gap-default\">\n\t\t\t\t\t<div class=\"elementor-column elementor-col-100 elementor-top-column elementor-element elementor-element-7cbe87a\" data-id=\"7cbe87a\" data-element_type=\"column\">\n\t\t\t<div class=\"elementor-widget-wrap elementor-element-populated\">\n\t\t\t\t\t\t<div class=\"elementor-element elementor-element-a53e30e elementor-widget elementor-widget-spacer\" data-id=\"a53e30e\" data-element_type=\"widget\" data-widget_type=\"spacer.default\">\n\t\t\t\t<div class=\"elementor-widget-container\">\n\t\t\t\t\t<div class=\"elementor-spacer\">\n\t\t\t<div class=\"elementor-spacer-inner\"><\/div>\n\t\t<\/div>\n\t\t\t\t<\/div>\n\t\t\t\t<\/div>\n\t\t\t\t\t<\/div>\n\t\t<\/div>\n\t\t\t\t\t<\/div>\n\t\t<\/section>\n\t\t\t\t<section class=\"elementor-section elementor-top-section elementor-element elementor-element-3fe00b5 elementor-section-boxed elementor-section-height-default elementor-section-height-default\" data-id=\"3fe00b5\" data-element_type=\"section\">\n\t\t\t\t\t\t<div class=\"elementor-container elementor-column-gap-default\">\n\t\t\t\t\t<div class=\"elementor-column elementor-col-100 elementor-top-column elementor-element elementor-element-031fad6\" data-id=\"031fad6\" data-element_type=\"column\">\n\t\t\t<div class=\"elementor-widget-wrap elementor-element-populated\">\n\t\t\t\t\t\t<div class=\"elementor-element elementor-element-16cf381 elementor-widget elementor-widget-text-editor\" data-id=\"16cf381\" data-element_type=\"widget\" data-widget_type=\"text-editor.default\">\n\t\t\t\t<div class=\"elementor-widget-container\">\n\t\t\t\t\t\t\t<p><img loading=\"lazy\" decoding=\"async\" class=\"alignleft wp-image-5786\" src=\"http:\/\/saapgestao.com.br\/saapold\/wp-content\/uploads\/2019\/04\/logo_alta-300x300.jpg\" alt=\"\" width=\"189\" height=\"189\" srcset=\"https:\/\/saapgestao.com.br\/saapold\/wp-content\/uploads\/2019\/04\/logo_alta-300x300.jpg 300w, https:\/\/saapgestao.com.br\/saapold\/wp-content\/uploads\/2019\/04\/logo_alta-150x150.jpg 150w, https:\/\/saapgestao.com.br\/saapold\/wp-content\/uploads\/2019\/04\/logo_alta-768x768.jpg 768w, https:\/\/saapgestao.com.br\/saapold\/wp-content\/uploads\/2019\/04\/logo_alta-1024x1024.jpg 1024w, https:\/\/saapgestao.com.br\/saapold\/wp-content\/uploads\/2019\/04\/logo_alta-250x250.jpg 250w\" sizes=\"(max-width: 189px) 100vw, 189px\" \/><\/p><p><a href=\"https:\/\/altadiagnosticos.com.br\/\">Alta Excel\u00eancia Diagn\u00f3stica<\/a><\/p><p>Com o melhor corpo cl\u00ednico do Pa\u00eds, o <strong>Alta Excel\u00eancia Diagn\u00f3stica<\/strong> oferece atendimento com m\u00e9dicos renomados, alta qualidade t\u00e9cnica e avan\u00e7o tecnol\u00f3gico em todos equipamentos. O Alta \u00e9 um centro de diagn\u00f3sticos premium com foco na exclusividade durante o atendimento aos seus pacientes. Conforto, privacidade e sofistica\u00e7\u00e3o em ambientes aconchegantes e requintados, est\u00e3o presentes nas dez unidades distribu\u00eddas entre S\u00e3o Paulo e Rio de Janeiro, que proporcionam uma experi\u00eancia de encanto inesquec\u00edvel na realiza\u00e7\u00e3o de exames de imagens, de an\u00e1lises cl\u00ednicas e gen\u00e9ticos. Os exames de gen\u00e9tica de \u00faltima gera\u00e7\u00e3o s\u00e3o realizados pela GeneOne, marca de medicina gen\u00e9tica com testes nas \u00e1reas de oncogen\u00e9tica, doen\u00e7as raras, cardiogen\u00e9tica e neurogen\u00e9tica. Outras informa\u00e7\u00f5es em <a href=\"http:\/\/www.altadiagnosticos.com.br\">www.altadiagnosticos.com.br<\/a><\/p>\t\t\t\t\t\t<\/div>\n\t\t\t\t<\/div>\n\t\t\t\t\t<\/div>\n\t\t<\/div>\n\t\t\t\t\t<\/div>\n\t\t<\/section>\n\t\t\t\t<section class=\"elementor-section elementor-top-section elementor-element elementor-element-1b154c8 elementor-section-boxed elementor-section-height-default elementor-section-height-default\" data-id=\"1b154c8\" data-element_type=\"section\">\n\t\t\t\t\t\t<div class=\"elementor-container elementor-column-gap-default\">\n\t\t\t\t\t<div class=\"elementor-column elementor-col-100 elementor-top-column elementor-element elementor-element-e3919c1\" data-id=\"e3919c1\" data-element_type=\"column\">\n\t\t\t<div class=\"elementor-widget-wrap elementor-element-populated\">\n\t\t\t\t\t\t<div class=\"elementor-element elementor-element-90f6a18 elementor-widget elementor-widget-spacer\" data-id=\"90f6a18\" data-element_type=\"widget\" data-widget_type=\"spacer.default\">\n\t\t\t\t<div class=\"elementor-widget-container\">\n\t\t\t\t\t<div class=\"elementor-spacer\">\n\t\t\t<div class=\"elementor-spacer-inner\"><\/div>\n\t\t<\/div>\n\t\t\t\t<\/div>\n\t\t\t\t<\/div>\n\t\t\t\t\t<\/div>\n\t\t<\/div>\n\t\t\t\t\t<\/div>\n\t\t<\/section>\n\t\t\t\t<section class=\"elementor-section elementor-top-section elementor-element elementor-element-df0b485 elementor-section-boxed elementor-section-height-default elementor-section-height-default\" data-id=\"df0b485\" data-element_type=\"section\">\n\t\t\t\t\t\t<div class=\"elementor-container elementor-column-gap-default\">\n\t\t\t\t\t<div class=\"elementor-column elementor-col-100 elementor-top-column elementor-element elementor-element-dfabf75\" data-id=\"dfabf75\" data-element_type=\"column\">\n\t\t\t<div class=\"elementor-widget-wrap elementor-element-populated\">\n\t\t\t\t\t\t<div class=\"elementor-element elementor-element-586b6ac elementor-widget elementor-widget-text-editor\" data-id=\"586b6ac\" data-element_type=\"widget\" data-widget_type=\"text-editor.default\">\n\t\t\t\t<div class=\"elementor-widget-container\">\n\t\t\t\t\t\t\t<p><img loading=\"lazy\" decoding=\"async\" class=\"alignleft wp-image-5785\" src=\"http:\/\/saapgestao.com.br\/saapold\/wp-content\/uploads\/2019\/04\/logo-1.jpg\" alt=\"\" width=\"189\" height=\"176\" \/><\/p><p><a href=\"https:\/\/www.natingui.com.br\/\">Pet Shop Natingui<\/a><\/p><p>Desde a sua funda\u00e7\u00e3o em 26 de Junho de 1986 como um simples consult\u00f3rio veterin\u00e1rio, \u00e0 Rua Natingui, no Bairro de Vila Madalena, no munic\u00edpio de S\u00e3o Paulo, a\u00a0<strong>Natingui\u00a0<\/strong>se destaca pela excelente qualidade\u00a0de seus servi\u00e7os, sempre realizados por um corpo m\u00e9dico veterin\u00e1rio altamente qualificado nas mais diversas especialidades.<\/p><p>Atualmente, localizada na Av S\u00e3o Gualter 1.596, disp\u00f5e de\u00a0um\u00a0moderno laborat\u00f3rio\u00a0de an\u00e1lises cl\u00ednicas e\u00a0de um completo centro cir\u00fargico funcionando dentro de rigorosos\u00a0padr\u00f5es\u00a0de biosseguridade.<\/p><p>Com o compromisso\u00a0de oferecer o que h\u00e1 de melhor e inovador a seus clientes, a\u00a0Natingui\u00a0busca continuamente o aprimoramento de sua equipe profissional,\u00a0sejam estes funcion\u00e1rios ou prestadores de servi\u00e7os, atrav\u00e9s de assessorias externas e reciclagens acad\u00eamicas.<\/p><p>Na\u00a0Natingui,\u00a0a\u00a0sa\u00fade e o bem estar\u00a0animal\u00a0s\u00e3o imprescind\u00edveis. Por esta raz\u00e3o est\u00e3o sempre prontos a atender de forma exclusiva ao seu animal de estima\u00e7\u00e3o, proporcionando a voc\u00ea total comodidade e tranquilidade. Este atendimento ininterrupto,\u00a0inclusive aos s\u00e1bados, domingos e feriados,\u00a0\u00e9 um dos diferenciais da cl\u00ednica, h\u00e1\u00a030 anos.<\/p>\t\t\t\t\t\t<\/div>\n\t\t\t\t<\/div>\n\t\t\t\t\t<\/div>\n\t\t<\/div>\n\t\t\t\t\t<\/div>\n\t\t<\/section>\n\t\t\t\t<section class=\"elementor-section elementor-top-section elementor-element elementor-element-5a6dbb8 elementor-section-boxed elementor-section-height-default elementor-section-height-default\" data-id=\"5a6dbb8\" data-element_type=\"section\">\n\t\t\t\t\t\t<div class=\"elementor-container elementor-column-gap-default\">\n\t\t\t\t\t<div class=\"elementor-column elementor-col-100 elementor-top-column elementor-element elementor-element-8473880\" data-id=\"8473880\" data-element_type=\"column\">\n\t\t\t<div class=\"elementor-widget-wrap elementor-element-populated\">\n\t\t\t\t\t\t<div class=\"elementor-element elementor-element-69ef6a1 elementor-widget elementor-widget-spacer\" data-id=\"69ef6a1\" data-element_type=\"widget\" data-widget_type=\"spacer.default\">\n\t\t\t\t<div class=\"elementor-widget-container\">\n\t\t\t\t\t<div class=\"elementor-spacer\">\n\t\t\t<div class=\"elementor-spacer-inner\"><\/div>\n\t\t<\/div>\n\t\t\t\t<\/div>\n\t\t\t\t<\/div>\n\t\t\t\t\t<\/div>\n\t\t<\/div>\n\t\t\t\t\t<\/div>\n\t\t<\/section>\n\t\t\t\t<section class=\"elementor-section elementor-top-section elementor-element elementor-element-8194d92 elementor-section-boxed elementor-section-height-default elementor-section-height-default\" data-id=\"8194d92\" data-element_type=\"section\">\n\t\t\t\t\t\t<div class=\"elementor-container elementor-column-gap-default\">\n\t\t\t\t\t<div class=\"elementor-column elementor-col-100 elementor-top-column elementor-element elementor-element-fbe1a2f\" data-id=\"fbe1a2f\" data-element_type=\"column\">\n\t\t\t<div class=\"elementor-widget-wrap elementor-element-populated\">\n\t\t\t\t\t\t<div class=\"elementor-element elementor-element-e218fa6 elementor-widget elementor-widget-text-editor\" data-id=\"e218fa6\" data-element_type=\"widget\" data-widget_type=\"text-editor.default\">\n\t\t\t\t<div class=\"elementor-widget-container\">\n\t\t\t\t\t\t\t<p><img loading=\"lazy\" decoding=\"async\" class=\"alignleft wp-image-5780\" src=\"http:\/\/saapgestao.com.br\/saapold\/wp-content\/uploads\/2020\/02\/BUCC-logo-1-300x300.jpg\" alt=\"\" width=\"189\" height=\"189\" srcset=\"https:\/\/saapgestao.com.br\/saapold\/wp-content\/uploads\/2020\/02\/BUCC-logo-1-300x300.jpg 300w, https:\/\/saapgestao.com.br\/saapold\/wp-content\/uploads\/2020\/02\/BUCC-logo-1-150x150.jpg 150w, https:\/\/saapgestao.com.br\/saapold\/wp-content\/uploads\/2020\/02\/BUCC-logo-1-768x768.jpg 768w, https:\/\/saapgestao.com.br\/saapold\/wp-content\/uploads\/2020\/02\/BUCC-logo-1-1024x1024.jpg 1024w, https:\/\/saapgestao.com.br\/saapold\/wp-content\/uploads\/2020\/02\/BUCC-logo-1-250x250.jpg 250w, https:\/\/saapgestao.com.br\/saapold\/wp-content\/uploads\/2020\/02\/BUCC-logo-1.jpg 1299w\" sizes=\"(max-width: 189px) 100vw, 189px\" \/><\/p><p><a href=\"http:\/\/bucc.com.br\/\">Bucc Workspaces<\/a><\/p><p style=\"margin: 0cm 0cm 7.5pt 0cm;\"><span style=\"font-size: 10.5pt; font-family: 'Georgia',serif; color: #777777;\">H\u00e1 quase cinco anos operando na Av. Pedroso de Morais uma das principais vias do Alto de Pinheiros, o <i>coworking<\/i> decide formalizar seu apoio \u00e0 Associa\u00e7\u00e3o, tornando-se uma Empresa Amiga do Bairro com intuito n\u00e3o s\u00f3 de incentivar outras empresas a participarem da iniciativa, como tamb\u00e9m de contribuir para o desenvolvimento do relacionamento entre as demais institui\u00e7\u00f5es que operam na regi\u00e3o.<\/span><\/p><p style=\"box-sizing: border-box; margin: 0cm 0cm 15.0pt 0cm;\"><span style=\"font-size: 10.5pt; font-family: 'Georgia',serif; color: #777777;\">Atrav\u00e9s de um espa\u00e7o que facilita a interatividade entre aqueles que usufruem diariamente dos servi\u00e7os oferecidos pelo espa\u00e7o, entre eles est\u00e3o Salas Privativas nas quais \u00e9 poss\u00edvel hospedar empresas de duas at\u00e9 20 pessoas,\u00a0 salas de reuni\u00e3o que podem ser contratadas por hora, lounge e escrit\u00f3rio compartilhado. O modelo de neg\u00f3cio atende todos os perfis de empresas, n\u00e3o s\u00f3 pela flexibilidade comercial como tamb\u00e9m pelo seu estilo atemporal o que facilita a interatividade entre todos os profissionais que exercem suas atividades ali.\u00a0\u00a0<\/span><\/p><p style=\"box-sizing: border-box; margin: 0cm 0cm 15.0pt 0cm;\"><span style=\"font-size: 10.5pt; font-family: 'Georgia',serif; color: #777777;\">Al\u00e9m disso, atualmente, maior parte dos seus clientes residem na regi\u00e3o e encontraram no <strong>BUCC<\/strong> uma solu\u00e7\u00e3o para aproximar o trabalho \u00e0 qualidade de vida. Isso por que o BUCC Workspaces possui um jardim enorme que encanta \u00e0 todos que passam por l\u00e1, e \u00e9 nesse local onde, principalmente, ocorrer\u00e3o os eventos organizados pela SAAP, mas que no dia-a-dia\u00a0 serve como cen\u00e1rio para reuni\u00f5es.<\/span><\/p><p style=\"box-sizing: border-box; margin: 0cm 0cm 15.0pt 0cm;\"><span style=\"font-size: 10.5pt; font-family: 'Georgia',serif; color: #777777;\">Ainda n\u00e3o conhece um ambiente de trabalho compartilhado e tem curiosidade para saber como funciona?<\/span><\/p><p style=\"box-sizing: border-box; margin: 0cm 0cm 15.0pt 0cm;\"><span style=\"font-size: 10.5pt; font-family: 'Georgia',serif; color: #777777;\">Mande um e-mail para <a href=\"mailto:contato@bucc.com.br\" target=\"_blank\" rel=\"noopener noreferrer\">contato@bucc.com.br<\/a> e agende com a equipe de atendimento do BUCC Workspaces uma di\u00e1ria gratuita na \u00e1rea compartilhada, tire suas d\u00favidas e vivencie essa nova forma de trabalhar.\u00a0<\/span><\/p>\t\t\t\t\t\t<\/div>\n\t\t\t\t<\/div>\n\t\t\t\t\t<\/div>\n\t\t<\/div>\n\t\t\t\t\t<\/div>\n\t\t<\/section>\n\t\t\t\t<section class=\"elementor-section elementor-top-section elementor-element elementor-element-1096cfa elementor-section-boxed elementor-section-height-default elementor-section-height-default\" data-id=\"1096cfa\" data-element_type=\"section\">\n\t\t\t\t\t\t<div class=\"elementor-container elementor-column-gap-default\">\n\t\t\t\t\t<div class=\"elementor-column elementor-col-100 elementor-top-column elementor-element elementor-element-165d1fa\" data-id=\"165d1fa\" data-element_type=\"column\">\n\t\t\t<div class=\"elementor-widget-wrap elementor-element-populated\">\n\t\t\t\t\t\t<div class=\"elementor-element elementor-element-55b283e elementor-widget elementor-widget-spacer\" data-id=\"55b283e\" data-element_type=\"widget\" data-widget_type=\"spacer.default\">\n\t\t\t\t<div class=\"elementor-widget-container\">\n\t\t\t\t\t<div class=\"elementor-spacer\">\n\t\t\t<div class=\"elementor-spacer-inner\"><\/div>\n\t\t<\/div>\n\t\t\t\t<\/div>\n\t\t\t\t<\/div>\n\t\t\t\t\t<\/div>\n\t\t<\/div>\n\t\t\t\t\t<\/div>\n\t\t<\/section>\n\t\t\t\t<section class=\"elementor-section elementor-top-section elementor-element elementor-element-d975e41 elementor-section-boxed elementor-section-height-default elementor-section-height-default\" data-id=\"d975e41\" data-element_type=\"section\">\n\t\t\t\t\t\t<div class=\"elementor-container elementor-column-gap-default\">\n\t\t\t\t\t<div class=\"elementor-column elementor-col-100 elementor-top-column elementor-element elementor-element-bb57caf\" data-id=\"bb57caf\" data-element_type=\"column\">\n\t\t\t<div class=\"elementor-widget-wrap elementor-element-populated\">\n\t\t\t\t\t\t<div class=\"elementor-element elementor-element-da0443f elementor-widget elementor-widget-text-editor\" data-id=\"da0443f\" data-element_type=\"widget\" data-widget_type=\"text-editor.default\">\n\t\t\t\t<div class=\"elementor-widget-container\">\n\t\t\t\t\t\t\t<p><img loading=\"lazy\" decoding=\"async\" class=\"alignleft  wp-image-5694\" src=\"http:\/\/saapgestao.com.br\/saapold\/wp-content\/uploads\/2019\/04\/logo-300x300.jpg\" alt=\"\" width=\"181\" height=\"181\" srcset=\"https:\/\/saapgestao.com.br\/saapold\/wp-content\/uploads\/2019\/04\/logo-300x300.jpg 300w, https:\/\/saapgestao.com.br\/saapold\/wp-content\/uploads\/2019\/04\/logo-150x150.jpg 150w, https:\/\/saapgestao.com.br\/saapold\/wp-content\/uploads\/2019\/04\/logo-250x250.jpg 250w, https:\/\/saapgestao.com.br\/saapold\/wp-content\/uploads\/2019\/04\/logo.jpg 500w\" sizes=\"(max-width: 181px) 100vw, 181px\" \/><\/p><p><a href=\"https:\/\/www.localimoveis.com.br\/\">LOCAL CONSULTORIA DE IM\u00d3VEIS<\/a><\/p><p>N\u00f3s temos um carinho especial pelo Alto de Pinheiros. Nossa hist\u00f3ria com esse bairro bel\u00edssimo faz parte do nossa identidade. Estamos em uma das esquinas mais emblem\u00e1ticas do bairro, Pedroso de Morais com Banibas. Temos Corretores que atuam h\u00e1 muitos anos na regi\u00e3o. A <strong>Local Im\u00f3veis<\/strong> iniciou suas atividades em 1973, comercializando os lan\u00e7amentos da construtora Adolpho Lindenberg. Pouco tempo depois come\u00e7ou trabalhar com lan\u00e7amentos de outras grandes construtoras em S\u00e3o Paulo. Em 1989, abriu o Departamento de Terceiros, e a partir da\u00ed, a Local come\u00e7ou a se especializar tamb\u00e9m em im\u00f3veis de revenda nos principais bairros das Zonas Sul e Oeste de S\u00e3o Paulo, como Alto de Pinheiros, Alto da Lapa, Pacaembu, Jardins, Vila Nova Concei\u00e7\u00e3o, Itaim, Moema, entre outros. Hoje a Local possui 3 ag\u00eancias modernas nos melhores endere\u00e7os de S\u00e3o Paulo e aproximadamente 220 corretores associados focados em vendas e loca\u00e7\u00f5es de im\u00f3veis residenciais e comerciais.\u00a0Nossa ag\u00eancia no Alto de Pinheiros \u00e9 uma das unidades do mercado imobili\u00e1rio que mais comercializa im\u00f3veis prontos em S\u00e3o Paulo. Estamos na Av. Pedroso de Morais, 2646, com um seleto grupo de Corretores especialistas no bairro. A Local Im\u00f3veis conta ainda com 2 escrit\u00f3rios na Pra\u00e7a Panamericana, um administrativo e outro da NewPlace, empresa da Local Im\u00f3veis que cuida da Administra\u00e7\u00e3o de Loca\u00e7\u00f5es. Com toda essa viv\u00eancia no bairro, estamos animados e felizes por termos nos tornado um dos parceiros da SAAP.<\/p>\t\t\t\t\t\t<\/div>\n\t\t\t\t<\/div>\n\t\t\t\t\t<\/div>\n\t\t<\/div>\n\t\t\t\t\t<\/div>\n\t\t<\/section>\n\t\t\t\t<section class=\"elementor-section elementor-top-section elementor-element elementor-element-e62cd65 elementor-section-boxed elementor-section-height-default elementor-section-height-default\" data-id=\"e62cd65\" data-element_type=\"section\">\n\t\t\t\t\t\t<div class=\"elementor-container elementor-column-gap-default\">\n\t\t\t\t\t<div class=\"elementor-column elementor-col-100 elementor-top-column elementor-element elementor-element-cd40aad\" data-id=\"cd40aad\" data-element_type=\"column\">\n\t\t\t<div class=\"elementor-widget-wrap elementor-element-populated\">\n\t\t\t\t\t\t<div class=\"elementor-element elementor-element-326a543 elementor-widget elementor-widget-spacer\" data-id=\"326a543\" data-element_type=\"widget\" data-widget_type=\"spacer.default\">\n\t\t\t\t<div class=\"elementor-widget-container\">\n\t\t\t\t\t<div class=\"elementor-spacer\">\n\t\t\t<div class=\"elementor-spacer-inner\"><\/div>\n\t\t<\/div>\n\t\t\t\t<\/div>\n\t\t\t\t<\/div>\n\t\t\t\t\t<\/div>\n\t\t<\/div>\n\t\t\t\t\t<\/div>\n\t\t<\/section>\n\t\t\t\t<section class=\"elementor-section elementor-top-section elementor-element elementor-element-38f78ee elementor-section-boxed elementor-section-height-default elementor-section-height-default\" data-id=\"38f78ee\" data-element_type=\"section\">\n\t\t\t\t\t\t<div class=\"elementor-container elementor-column-gap-default\">\n\t\t\t\t\t<div class=\"elementor-column elementor-col-100 elementor-top-column elementor-element elementor-element-dfa6574\" data-id=\"dfa6574\" data-element_type=\"column\">\n\t\t\t<div class=\"elementor-widget-wrap elementor-element-populated\">\n\t\t\t\t\t\t<div class=\"elementor-element elementor-element-3b43ea6 elementor-widget elementor-widget-text-editor\" data-id=\"3b43ea6\" data-element_type=\"widget\" data-widget_type=\"text-editor.default\">\n\t\t\t\t<div class=\"elementor-widget-container\">\n\t\t\t\t\t\t\t<p><img loading=\"lazy\" decoding=\"async\" class=\"alignleft wp-image-5573\" src=\"http:\/\/saapgestao.com.br\/saapold\/wp-content\/uploads\/2019\/07\/Logotipo-com-site-2014-300x136.jpg\" alt=\"\" width=\"189\" height=\"86\" srcset=\"https:\/\/saapgestao.com.br\/saapold\/wp-content\/uploads\/2019\/07\/Logotipo-com-site-2014-300x136.jpg 300w, https:\/\/saapgestao.com.br\/saapold\/wp-content\/uploads\/2019\/07\/Logotipo-com-site-2014-768x348.jpg 768w, https:\/\/saapgestao.com.br\/saapold\/wp-content\/uploads\/2019\/07\/Logotipo-com-site-2014-1024x465.jpg 1024w, https:\/\/saapgestao.com.br\/saapold\/wp-content\/uploads\/2019\/07\/Logotipo-com-site-2014.jpg 1984w\" sizes=\"(max-width: 189px) 100vw, 189px\" \/><br \/><a href=\"http:\/\/www.piusalute.com.br\/\">PI\u00da SALUTE<\/a><br \/>A<strong> Cl\u00ednica Pi\u00f9 Salute<\/strong> foi criada em 2009 para dar continuidade ao trabalho das irm\u00e3s e propriet\u00e1rias Dra. Rita de Cassia, nutricionista cl\u00ednica que atuava desde 1986 na \u00e1rea hospitalar e cl\u00ednica e a Dra. Debora Silva, Fisioterapeuta e Educadora f\u00edsica que atuava com Reeduca\u00e7\u00e3o postural e reabilita\u00e7\u00e3o esportiva desde 1992.<br \/>Elas se uniram para criar um espa\u00e7o que agregasse v\u00e1rios servi\u00e7os e pudessem oferecer a seus pacientes\/clientes um ambiente de cuidados integrais a sa\u00fade.<br \/>Constantemente aperfei\u00e7oando sua infraestrutura e buscando novas t\u00e9cnicas e parcerias para oferecer tratamentos diferenciados e personalizados, visando a qualidade de vida e sa\u00fade de quem as procura.<br \/>Na \u00e1rea de nutri\u00e7\u00e3o atendem:<br \/>Nutri\u00e7\u00e3o clinica, Nutri\u00e7\u00e3o esportiva, Acompanhamento nutricional para gestantes, Pre e p\u00f3s-cirurgia bari\u00e1trica, Nutri\u00e7\u00e3o infantil.<br \/>Na \u00e1rea de fisioterapia atendem:<br \/>Fisioterapia ortop\u00e9dica, esportiva, RPG &#8211; Reeduca\u00e7\u00e3o Postural Global, Acupuntura \u2013 MTC, Micro fisioterapia, Bioalinhamento, Barras de Access e massagens terap\u00eauticas.<br \/>Na \u00e1rea de est\u00e9tica atendem:<br \/>Drenagem linf\u00e1tica Manual e redu\u00e7\u00e3o de circunfer\u00eancia abdominal<br \/>Na \u00e1rea de atividade f\u00edsica atendem:<br \/>Pilates de solo e equipamentos para jovens, adultos, 3\u00aa idade e gestantes, treinamento funcional e condicionamento f\u00edsico.<br \/>Na \u00e1rea de Psicologia atendem:<br \/>Adolescentes e adultos.<br \/>A Cl\u00ednica Pi\u00f9 Salute est\u00e1 situada na Rua Dardanelos, 292 para atender todos os moradores do Alto de Pinheiros e regi\u00e3o que buscam a sa\u00fade integral.<\/p>\t\t\t\t\t\t<\/div>\n\t\t\t\t<\/div>\n\t\t\t\t\t<\/div>\n\t\t<\/div>\n\t\t\t\t\t<\/div>\n\t\t<\/section>\n\t\t\t\t<section class=\"elementor-section elementor-top-section elementor-element elementor-element-db7cb8b elementor-section-boxed elementor-section-height-default elementor-section-height-default\" data-id=\"db7cb8b\" data-element_type=\"section\">\n\t\t\t\t\t\t<div class=\"elementor-container elementor-column-gap-default\">\n\t\t\t\t\t<div class=\"elementor-column elementor-col-100 elementor-top-column elementor-element elementor-element-7bba6f6\" data-id=\"7bba6f6\" data-element_type=\"column\">\n\t\t\t<div class=\"elementor-widget-wrap elementor-element-populated\">\n\t\t\t\t\t\t<div class=\"elementor-element elementor-element-3ba0a3f elementor-widget elementor-widget-spacer\" data-id=\"3ba0a3f\" data-element_type=\"widget\" data-widget_type=\"spacer.default\">\n\t\t\t\t<div class=\"elementor-widget-container\">\n\t\t\t\t\t<div class=\"elementor-spacer\">\n\t\t\t<div class=\"elementor-spacer-inner\"><\/div>\n\t\t<\/div>\n\t\t\t\t<\/div>\n\t\t\t\t<\/div>\n\t\t\t\t\t<\/div>\n\t\t<\/div>\n\t\t\t\t\t<\/div>\n\t\t<\/section>\n\t\t\t\t<section class=\"elementor-section elementor-top-section elementor-element elementor-element-0bd5919 elementor-section-boxed elementor-section-height-default elementor-section-height-default\" data-id=\"0bd5919\" data-element_type=\"section\">\n\t\t\t\t\t\t<div class=\"elementor-container elementor-column-gap-default\">\n\t\t\t\t\t<div class=\"elementor-column elementor-col-100 elementor-top-column elementor-element elementor-element-5535a4f\" data-id=\"5535a4f\" data-element_type=\"column\">\n\t\t\t<div class=\"elementor-widget-wrap\">\n\t\t\t\t\t\t\t<\/div>\n\t\t<\/div>\n\t\t\t\t\t<\/div>\n\t\t<\/section>\n\t\t\t\t<section class=\"elementor-section elementor-top-section elementor-element elementor-element-25dbaeb elementor-section-boxed elementor-section-height-default elementor-section-height-default\" data-id=\"25dbaeb\" data-element_type=\"section\">\n\t\t\t\t\t\t<div class=\"elementor-container elementor-column-gap-default\">\n\t\t\t\t\t<div class=\"elementor-column elementor-col-100 elementor-top-column elementor-element elementor-element-631acf7\" data-id=\"631acf7\" data-element_type=\"column\">\n\t\t\t<div class=\"elementor-widget-wrap elementor-element-populated\">\n\t\t\t\t\t\t<div class=\"elementor-element elementor-element-18277b3 elementor-widget elementor-widget-text-editor\" data-id=\"18277b3\" data-element_type=\"widget\" data-widget_type=\"text-editor.default\">\n\t\t\t\t<div class=\"elementor-widget-container\">\n\t\t\t\t\t\t\t<p><img loading=\"lazy\" decoding=\"async\" class=\"alignleft wp-image-5572\" src=\"http:\/\/saapgestao.com.br\/saapold\/wp-content\/uploads\/2019\/07\/p3urb_marca-300x300.jpg\" alt=\"\" width=\"189\" height=\"188\" srcset=\"https:\/\/saapgestao.com.br\/saapold\/wp-content\/uploads\/2019\/07\/p3urb_marca-300x300.jpg 300w, https:\/\/saapgestao.com.br\/saapold\/wp-content\/uploads\/2019\/07\/p3urb_marca-150x150.jpg 150w, https:\/\/saapgestao.com.br\/saapold\/wp-content\/uploads\/2019\/07\/p3urb_marca-768x765.jpg 768w, https:\/\/saapgestao.com.br\/saapold\/wp-content\/uploads\/2019\/07\/p3urb_marca-1024x1021.jpg 1024w, https:\/\/saapgestao.com.br\/saapold\/wp-content\/uploads\/2019\/07\/p3urb_marca-250x250.jpg 250w, https:\/\/saapgestao.com.br\/saapold\/wp-content\/uploads\/2019\/07\/p3urb_marca.jpg 1180w\" sizes=\"(max-width: 189px) 100vw, 189px\" \/><\/p><p><strong><a href=\"https:\/\/www.p3urb.com.br\/\">P3urb<\/a><\/strong><\/p><p>Fundada em 2013, a\u00a0<strong>P3urb\u00a0<\/strong>re\u00fane profissionais com experi\u00eancia relevante nos setores p\u00fablico e privado e tem como foco de trabalho a estrutura\u00e7\u00e3o de projetos imobili\u00e1rios, privados ou p\u00fablico-privados. Atualmente, a P3urb desenvolve projetos que promovem a utiliza\u00e7\u00e3o de espa\u00e7o p\u00fablicos e levam vida a espa\u00e7os livres, humanizando regi\u00f5es e incentivando usos mais sustent\u00e1veis. A preocupa\u00e7\u00e3o com a cidade em que vivemos \u00e9 um dos pilares da P3urb e trabalhamos diariamente para melhorar o ambiente urbano no qual estamos inseridos.<\/p>\t\t\t\t\t\t<\/div>\n\t\t\t\t<\/div>\n\t\t\t\t<div class=\"elementor-element elementor-element-77efafa elementor-widget elementor-widget-spacer\" data-id=\"77efafa\" data-element_type=\"widget\" data-widget_type=\"spacer.default\">\n\t\t\t\t<div class=\"elementor-widget-container\">\n\t\t\t\t\t<div class=\"elementor-spacer\">\n\t\t\t<div class=\"elementor-spacer-inner\"><\/div>\n\t\t<\/div>\n\t\t\t\t<\/div>\n\t\t\t\t<\/div>\n\t\t\t\t\t<\/div>\n\t\t<\/div>\n\t\t\t\t\t<\/div>\n\t\t<\/section>\n\t\t\t\t<\/div>\n\t\t","protected":false},"excerpt":{"rendered":"<p>As empresas &#8220;Amigas do Bairro&#8221; contribuem com a SAAP para que possamos realizar nossas atividades e projetos para zelar pelo Alto de Pinheiros e pela qualidade de vida das pessoas que moram e frequentam o bairro. S\u00e3o estabelecimentos comerciais e de servi\u00e7os com uma consci\u00eancia cidad\u00e3 sobre seu papel na comunidade em que est\u00e1 inserida. [&hellip;]<\/p>\n","protected":false},"author":6,"featured_media":0,"parent":0,"menu_order":0,"comment_status":"closed","ping_status":"closed","template":"","meta":{"footnotes":""},"class_list":["post-6801","page","type-page","status-publish","hentry"],"_links":{"self":[{"href":"https:\/\/saapgestao.com.br\/saapold\/wp-json\/wp\/v2\/pages\/6801"}],"collection":[{"href":"https:\/\/saapgestao.com.br\/saapold\/wp-json\/wp\/v2\/pages"}],"about":[{"href":"https:\/\/saapgestao.com.br\/saapold\/wp-json\/wp\/v2\/types\/page"}],"author":[{"embeddable":true,"href":"https:\/\/saapgestao.com.br\/saapold\/wp-json\/wp\/v2\/users\/6"}],"replies":[{"embeddable":true,"href":"https:\/\/saapgestao.com.br\/saapold\/wp-json\/wp\/v2\/comments?post=6801"}],"version-history":[{"count":0,"href":"https:\/\/saapgestao.com.br\/saapold\/wp-json\/wp\/v2\/pages\/6801\/revisions"}],"wp:attachment":[{"href":"https:\/\/saapgestao.com.br\/saapold\/wp-json\/wp\/v2\/media?parent=6801"}],"curies":[{"name":"wp","href":"https:\/\/api.w.org\/{rel}","templated":true}]}}